{"id":184,"date":"2026-02-02T17:17:16","date_gmt":"2026-02-02T17:17:16","guid":{"rendered":"https:\/\/socal.adv.br\/?page_id=184"},"modified":"2026-02-02T17:17:16","modified_gmt":"2026-02-02T17:17:16","slug":"backup-02-de-fevereiro-2026-b","status":"publish","type":"page","link":"https:\/\/socal.adv.br\/index.php\/backup-02-de-fevereiro-2026-b\/","title":{"rendered":"Backup 02 de fevereiro 2026 B"},"content":{"rendered":"<section class=\"rs-hero\">\n<p>  <!-- IDIOMAS --><\/p>\n<table class=\"rs-lang\">\n<tr>\n<td onclick=\"setLang('pt')\" title=\"Portugu\u00eas\">\ud83c\udde7\ud83c\uddf7<\/td>\n<td onclick=\"setLang('en')\" title=\"English\">\ud83c\uddfa\ud83c\uddf8<\/td>\n<td onclick=\"setLang('it')\" title=\"Italiano\">\ud83c\uddee\ud83c\uddf9<\/td>\n<td onclick=\"setLang('la')\" title=\"Latim\">\ud83c\uddfb\ud83c\udde6<\/td>\n<\/tr>\n<\/table>\n<p>  <script>\n  document.addEventListener(\"DOMContentLoaded\", function () {\n    setLang('pt'); \/\/ ou 'en' \/ 'it'\n  });\n<\/script><\/p>\n<div class=\"rs-container\">\n<p>  <!-- PERFIL --><\/p>\n<div class=\"rs-profile\">\n    <img decoding=\"async\"\n      src=\"https:\/\/socal.adv.br\/wp-content\/uploads\/2026\/01\/FotoSocal-scaled.jpg\"\n      alt=\"Rodrigo Socal\"\n      class=\"rs-photo\"\n    ><\/p>\n<h1>Rodrigo Socal<\/h1>\n<p class=\"subtitle\">OAB\/SC n\u00ba 50.116<\/p>\n<h2\n      data-pt=\"Advogado Especialista em Direito Digital \u2022 Tecnologia \u2022 Healthtechs \u2022 LGPD \u2022 Crimes Digitais \u2022 Investimentos Internacionais\"\n      data-en=\"Digital Law Attorney \u2022 Technology \u2022 Healthtechs \u2022 Data Protection \u2022 Medical Software \u2022 Cybercrime \u2022 International Investments\"\n      data-it=\"Avvocato in Diritto Digitale \u2022 Tecnologia \u2022 Healthtech \u2022 Privacy \u2022 Software Medico \u2022 Crimini Digitali \u2022 Investimenti Internazionali\"\n      data-la=\"Advocatus in Iure Digitali \u2022 Technologia \u2022 Sanitas Digitalis \u2022 Privacy \u2022 Programmatio Medica \u2022 Crimina Digitalia \u2022 Investitiones Internationales\"\n    ><br \/>\n      Advogado Especialista em Direito Digital \u2022 Tecnologia \u2022 Healthtechs \u2022 LGPD \u2022 Crimes Digitais \u2022 Investimentos Internacionais<br \/>\n    <\/h2>\n<\/p><\/div>\n<p>  <!-- CONTE\u00daDO --><\/p>\n<div class=\"rs-card\">\n<h3\n      data-pt=\"Atua\u00e7\u00e3o profissional\"\n      data-en=\"Professional Practice\"\n      data-it=\"Attivit\u00e0 professionale\"\n      data-la=\"Munus Professionale\"\n    ><br \/>\n      Atua\u00e7\u00e3o profissional<br \/>\n    <\/h3>\n<p\n      data-pt=\"Atua\u00e7\u00e3o jur\u00eddica voltada a opera\u00e7\u00f5es complexas que envolvem tecnologia, regula\u00e7\u00e3o, risco jur\u00eddico e investimento, especialmente em contextos transnacionais.\"\n      data-en=\"Legal practice focused on complex operations involving technology, regulation, legal risk, and investment, particularly in transnational contexts.\"\n      data-it=\"Attivit\u00e0 legale rivolta a operazioni complesse che coinvolgono tecnologia, regolamentazione, rischio giuridico e investimenti, in particolare in contesti transnazionali.\"\n      data-la=\"Actio iuridica ad operationes complexas directa, quae technologiam, regulationem, periculum iuridicum atque collocationes complectuntur, praesertim in contextibus transnationalibus.\"\n    ><br \/>\n      Atua\u00e7\u00e3o jur\u00eddica voltada a opera\u00e7\u00f5es complexas que envolvem tecnologia, regula\u00e7\u00e3o, risco jur\u00eddico e investimento, especialmente em contextos transnacionais.\n    <\/p>\n<p\n      data-pt=\"Atua\u00e7\u00e3o com mais de 30 anos de experi\u00eancia t\u00e9cnica em desenvolvimento de sistemas, integrando vis\u00e3o jur\u00eddica e dom\u00ednio da arquitetura tecnol\u00f3gica, fluxos de dados e integra\u00e7\u00f5es, com foco na identifica\u00e7\u00e3o e mitiga\u00e7\u00e3o de riscos legais, regulat\u00f3rios e penais.\"\n      data-en=\"Practice supported by over 30 years of technical experience in systems development, integrating legal insight with deep knowledge of technological architecture, data flows, and integrations, focused on identifying and mitigating legal, regulatory, and criminal risks.\"\n      data-it=\"Attivit\u00e0 supportata da oltre 30 anni di esperienza tecnica nello sviluppo di sistemi, integrando visione giuridica e dominio dell\u2019architettura tecnologica, dei flussi di dati e delle integrazioni, con particolare attenzione all\u2019individuazione e mitigazione dei rischi legali, regolatori e penali.\"\ndata-la=\"Actio plus quam triginta annorum experientia technica in systematum evolutione suffulta, quae visionem iuridicam cum dominio architecturae technologicae, fluxuum datorum atque integrationum coniungit, peculiari cura ad identificationem et mitigationem periculorum legalium, regulatoriorum atque poenalium.\"\n    ><br \/>\n      Atua\u00e7\u00e3o com mais de 30 anos de experi\u00eancia t\u00e9cnica em desenvolvimento de sistemas, integrando vis\u00e3o jur\u00eddica e dom\u00ednio da arquitetura tecnol\u00f3gica, fluxos de dados e integra\u00e7\u00f5es, com foco na identifica\u00e7\u00e3o e mitiga\u00e7\u00e3o de riscos legais, regulat\u00f3rios e penais.\n    <\/p>\n<p\n      data-pt=\"Forma\u00e7\u00e3o h\u00edbrida que permite uma atua\u00e7\u00e3o al\u00e9m da conformidade formal, entregando seguran\u00e7a jur\u00eddica aplicada \u00e0 realidade operacional e \u00e0s decis\u00f5es estrat\u00e9gicas do neg\u00f3cio.\"\n\ndata-en=\"Hybrid training that enables performance beyond formal compliance, delivering legal certainty applied to operational reality and strategic business decisions.\"\n\ndata-it=\"Formazione ibrida che consente un\u2019attivit\u00e0 oltre la mera conformit\u00e0 formale, offrendo certezza giuridica applicata alla realt\u00e0 operativa e alle decisioni strategiche dell\u2019impresa.\"\n\ndata-la=\"Formatio hybrida quae actionem ultra formalem conformitatem permittit, certitudinem iuridicam realitati operativae atque decisionibus strategicis negotii applicatam praebens.\"\n><\/p><\/div>\n<\/div>\n<h3\n  data-pt=\"\ud83c\udde7\ud83c\uddf7 Atua\u00e7\u00e3o jur\u00eddica no Brasil\"\n  data-en=\"\ud83c\udde7\ud83c\uddf7 Legal Practice in Brazil\"\n  data-it=\"\ud83c\udde7\ud83c\uddf7 Attivit\u00e0 legale in Brasile\"\n  data-la=\"\ud83c\udde7\ud83c\uddf7 Actio Iuridica in Brasilia\"\n><br \/>\n  \ud83c\udde7\ud83c\uddf7 Atua\u00e7\u00e3o jur\u00eddica no Brasil<br \/>\n<\/h3>\n<h4\n  data-pt=\"Empresas brasileiras, tecnologia e capta\u00e7\u00e3o internacional\"\n  data-en=\"Brazilian Companies, Technology and International Fundraising\"\n  data-it=\"Imprese brasiliane, tecnologia e raccolta di capitali internazionali\"\n  data-la=\"Societates Brasilienses, Technologia et Collectio Capitalium Internationalium\"\n><br \/>\n  Empresas brasileiras, tecnologia e capta\u00e7\u00e3o internacional<br \/>\n<\/h4>\n<p\n  data-pt=\"Atua\u00e7\u00e3o jur\u00eddica estrat\u00e9gica no suporte \u00e0 capta\u00e7\u00e3o de recursos de empresas brasileiras junto a fundos e investidores internacionais, com \u00eanfase nos setores de tecnologia, sa\u00fade e software.\"\n  data-en=\"Strategic legal practice supporting Brazilian companies in raising funds from international investors and funds, with emphasis on technology, healthcare, and software sectors.\"\n  data-it=\"Attivit\u00e0 legale strategica a supporto della raccolta di capitali da parte di imprese brasiliane presso fondi e investitori internazionali, con particolare attenzione ai settori tecnologico, sanitario e software.\"\n  data-la=\"Actio iuridica strategica ad sustentationem collectionis capitalium a societatibus Brasiliensibus apud fundos et investitores internationales, peculiari attentione ad sectores technologicum, sanitarium atque programmatum.\"\n><br \/>\n  Atua\u00e7\u00e3o jur\u00eddica estrat\u00e9gica no suporte \u00e0 capta\u00e7\u00e3o de recursos de empresas brasileiras junto a fundos e investidores internacionais, com \u00eanfase nos setores de tecnologia, sa\u00fade e software.\n<\/p>\n<ul>\n<li\n    data-pt=\"An\u00e1lise e mitiga\u00e7\u00e3o de riscos jur\u00eddicos e regulat\u00f3rios\"\n    data-en=\"Analysis and mitigation of legal and regulatory risks\"\n    data-it=\"Analisi e mitigazione dei rischi legali e regolatori\"\n    data-la=\"Analysis et Mitigatio Periculorum Iuridicorum et Regulatoriorum\"\n  ><br \/>\n    An\u00e1lise e mitiga\u00e7\u00e3o de riscos jur\u00eddicos e regulat\u00f3rios\n  <\/li>\n<li\n    data-pt=\"Avalia\u00e7\u00e3o de conformidade tecnol\u00f3gica, prote\u00e7\u00e3o de dados e governan\u00e7a\"\n    data-en=\"Assessment of technological compliance, data protection, and governance\"\n    data-it=\"Valutazione della conformit\u00e0 tecnologica, della protezione dei dati e della governance\"\n    data-la=\"Aestimatio Conformitatis Technologicae, Protectionis Datorum et Regiminis\"\n  ><br \/>\n    Avalia\u00e7\u00e3o de conformidade tecnol\u00f3gica, prote\u00e7\u00e3o de dados e governan\u00e7a\n  <\/li>\n<li\n    data-pt=\"Estrutura\u00e7\u00e3o jur\u00eddica de informa\u00e7\u00f5es sens\u00edveis para processos de investimento e due diligence\"\n    data-en=\"Legal structuring of sensitive information for investment processes and due diligence\"\n    data-it=\"Strutturazione legale delle informazioni sensibili per processi di investimento e due diligence\"\n    data-la=\"Structuratio Iuridica Informationum Sensibilium ad Processus Investitionis et Due Diligentiae\"\n  ><br \/>\n    Estrutura\u00e7\u00e3o jur\u00eddica de informa\u00e7\u00f5es sens\u00edveis para processos de investimento e due diligence\n  <\/li>\n<li\n    data-pt=\"Preven\u00e7\u00e3o de riscos que possam inviabilizar ou desvalorizar aportes internacionais\"\n    data-en=\"Prevention of risks that could compromise or devalue international investments\"\n    data-it=\"Prevenzione dei rischi che possano compromettere o svalutare investimenti internazionali\"\n    data-la=\"Praeventio Periculorum quae Investitiones Internationales Compromittere vel Devaluare Possint\"\n  ><br \/>\n    Preven\u00e7\u00e3o de riscos que possam inviabilizar ou desvalorizar aportes internacionais\n  <\/li>\n<\/ul>\n<p\n  data-pt=\"Foco na estrutura\u00e7\u00e3o de empresas juridicamente invest\u00edveis, reduzindo incertezas, eliminando passivos ocultos e aumentando a atratividade para investidores.\"\n  data-en=\"Focus on structuring companies to be legally investable, reducing uncertainties, eliminating hidden liabilities, and increasing attractiveness to investors.\"\n  data-it=\"Focus sulla strutturazione di imprese giuridicamente investibili, riducendo le incertezze, eliminando passivit\u00e0 occulte e aumentando l\u2019attrattivit\u00e0 per gli investitori.\"\n  data-la=\"Intentio in structuratione societatum iuridice investibilium, incertitudines minuendo, passivitates occultas eliminando atque attractivitatem erga investitores augendo.\"\n><br \/>\n  Foco na estrutura\u00e7\u00e3o de empresas juridicamente invest\u00edveis, reduzindo incertezas, eliminando passivos ocultos e aumentando a atratividade para investidores.\n<\/p>\n<h4\n  data-pt=\"LGPD, prote\u00e7\u00e3o de dados e ambientes regulados\"\n  data-en=\"Data Protection, LGPD and Regulated Environments\"\n  data-it=\"Protezione dei dati, LGPD e ambienti regolamentati\"\n  data-la=\"Protectio Datorum, LGPD et Ambitus Regulati\"\n><br \/>\n  LGPD, prote\u00e7\u00e3o de dados e ambientes regulados<br \/>\n<\/h4>\n<p\n  data-pt=\"Atua\u00e7\u00e3o estrat\u00e9gica na governan\u00e7a de dados, privacidade e LGPD, com \u00eanfase em healthtechs, empresas da \u00e1rea da sa\u00fade e plataformas digitais.\"\n  data-en=\"Strategic practice in data governance, privacy, and data protection laws, with emphasis on healthtechs, healthcare companies, and digital platforms.\"\n  data-it=\"Attivit\u00e0 strategica nella governance dei dati, nella privacy e nella protezione dei dati, con particolare attenzione a healthtech, imprese sanitarie e piattaforme digitali.\"\n  data-la=\"Actio strategica in regimine datorum, in privacy atque in protectione datorum, peculiari attentione ad healthtech, societates sanitarias et plataformas digitales.\"\n><br \/>\n  Atua\u00e7\u00e3o estrat\u00e9gica na governan\u00e7a de dados, privacidade e LGPD, com \u00eanfase em healthtechs, empresas da \u00e1rea da sa\u00fade e plataformas digitais.\n<\/p>\n<ul>\n<li\n    data-pt=\"Governan\u00e7a em prote\u00e7\u00e3o de dados\"\n    data-en=\"Data protection governance\"\n    data-it=\"Governance della protezione dei dati\"\n    data-la=\"Regimen Protectionis Datorum\"\n  ><br \/>\n    Governan\u00e7a em prote\u00e7\u00e3o de dados\n  <\/li>\n<li\n    data-pt=\"Pol\u00edticas e procedimentos\"\n    data-en=\"Policies and procedures\"\n    data-it=\"Politiche e procedure\"\n    data-la=\"Politicae et Procedurae\"\n  ><br \/>\n    Pol\u00edticas e procedimentos\n  <\/li>\n<li\n    data-pt=\"Controles t\u00e9cnicos e organizacionais\"\n    data-en=\"Technical and organizational controls\"\n    data-it=\"Controlli tecnici e organizzativi\"\n    data-la=\"Controlla Technica et Organisativa\"\n  ><br \/>\n    Controles t\u00e9cnicos e organizacionais\n  <\/li>\n<li\n    data-pt=\"Estrat\u00e9gias jur\u00eddicas de preven\u00e7\u00e3o e resposta a incidentes\"\n    data-en=\"Legal strategies for incident prevention and response\"\n    data-it=\"Strategie legali di prevenzione e risposta agli incidenti\"\n    data-la=\"Strategiae Iuridicae Praeventionis et Responsionis ad Incidentia\"\n  ><br \/>\n    Estrat\u00e9gias jur\u00eddicas de preven\u00e7\u00e3o e resposta a incidentes\n  <\/li>\n<\/ul>\n<p\n  data-pt=\"Sempre com foco em responsabiliza\u00e7\u00e3o, continuidade do neg\u00f3cio e redu\u00e7\u00e3o de exposi\u00e7\u00e3o jur\u00eddica.\"\n  data-en=\"Always focused on accountability, business continuity, and reduction of legal exposure.\"\n  data-it=\"Sempre con focus su responsabilit\u00e0, continuit\u00e0 operativa e riduzione dell\u2019esposizione legale.\"\n  data-la=\"Semper cum intentione in responsabilitate, continuitate operativa et reductione expositionis iuridicae.\"\n><br \/>\n  Sempre com foco em responsabiliza\u00e7\u00e3o, continuidade do neg\u00f3cio e redu\u00e7\u00e3o de exposi\u00e7\u00e3o jur\u00eddica.\n<\/p>\n<h4\n  data-pt=\"ANVISA, software m\u00e9dico e sa\u00fade digital\"\n  data-en=\"ANVISA, Medical Software and Digital Health\"\n  data-it=\"ANVISA, software medico e sanit\u00e0 digitale\"\n  data-la=\"ANVISA, Programmatio Medica et Sanitas Digitalis\"\n><br \/>\n  ANVISA, software m\u00e9dico e sa\u00fade digital<br \/>\n<\/h4>\n<p\n  data-pt=\"Atua\u00e7\u00e3o no assessoramento regulat\u00f3rio de healthtechs perante a ANVISA, viabilizando modelos de neg\u00f3cio e opera\u00e7\u00f5es em ambientes regulados.\"\n  data-en=\"Regulatory advisory practice for healthtechs before ANVISA, enabling business models and operations in regulated environments.\"\n  data-it=\"Attivit\u00e0 di consulenza regolatoria per healthtech presso ANVISA, rendendo possibili modelli di business e operazioni in ambienti regolamentati.\"\n  data-la=\"Actio consultationis regulatoriae pro healthtech apud ANVISA, modelos negotiales atque operationes in ambitus regulatos possibilis reddens.\"\n><br \/>\n  Atua\u00e7\u00e3o no assessoramento regulat\u00f3rio de healthtechs perante a ANVISA, viabilizando modelos de neg\u00f3cio e opera\u00e7\u00f5es em ambientes regulados.\n<\/p>\n<ul>\n<li\n    data-pt=\"Evitar erros de classifica\u00e7\u00e3o\"\n    data-en=\"Avoid classification errors\"\n    data-it=\"Evitare errori di classificazione\"\n    data-la=\"Vitare Errores Classificationis\"\n  ><br \/>\n    Evitar erros de classifica\u00e7\u00e3o\n  <\/li>\n<li\n    data-pt=\"Prevenir bloqueios regulat\u00f3rios e comerciais\"\n    data-en=\"Prevent regulatory and commercial barriers\"\n    data-it=\"Prevenire blocchi regolatori e commerciali\"\n    data-la=\"Praevenire Impedimenta Regulatoria et Commercialia\"\n  ><br \/>\n    Prevenir bloqueios regulat\u00f3rios e comerciais\n  <\/li>\n<li\n    data-pt=\"Antecipar riscos que impactem certifica\u00e7\u00e3o, comercializa\u00e7\u00e3o e escalabilidade\"\n    data-en=\"Anticipate risks affecting certification, commercialization, and scalability\"\n    data-it=\"Anticipare i rischi che incidono su certificazione, commercializzazione e scalabilit\u00e0\"\n    data-la=\"Anticipare Pericula quae Certificationem, Commercializationem et Scalabilitatem afficiunt.\"\n  ><br \/>\n    Antecipar riscos que impactem certifica\u00e7\u00e3o, comercializa\u00e7\u00e3o e escalabilidade\n  <\/li>\n<\/ul>\n<h3\n  data-pt=\"Crimes digitais e cibern\u00e9ticos\"\n  data-en=\"Digital and Cyber Crimes\"\n  data-it=\"Crimini digitali e informatici\"\n  data-la=\"Crimina Digitalia et Informatica\"\n><br \/>\n  Crimes digitais e cibern\u00e9ticos<br \/>\n<\/h3>\n<p\n  data-pt=\"Atua\u00e7\u00e3o especializada em crimes digitais e cibern\u00e9ticos, com experi\u00eancia em investiga\u00e7\u00f5es, contencioso penal estrat\u00e9gico e atua\u00e7\u00e3o como assistente de acusa\u00e7\u00e3o em delitos praticados em ambientes digitais.\"\n  data-en=\"Specialized practice in digital and cyber crimes, with experience in investigations, strategic criminal litigation, and acting as assistant to the prosecution in offenses committed in digital environments.\"\n  data-it=\"Attivit\u00e0 specializzata in crimini digitali e informatici, con esperienza in indagini, contenzioso penale strategico e attivit\u00e0 come assistente dell\u2019accusa in reati commessi in ambienti digitali.\"\n  data-la=\"Actio specializata in criminibus digitalibus et informaticis, cum experientia in investigationibus, contentioso poenali strategico atque munere assistentis accusationis in delictis in ambitus digitales commissis.\"\n><br \/>\n  Atua\u00e7\u00e3o especializada em crimes digitais e cibern\u00e9ticos, com experi\u00eancia em investiga\u00e7\u00f5es, contencioso penal estrat\u00e9gico e atua\u00e7\u00e3o como assistente de acusa\u00e7\u00e3o em delitos praticados em ambientes digitais.\n<\/p>\n<ul>\n<li\n    data-pt=\"Fraudes eletr\u00f4nicas\"\n    data-en=\"Electronic fraud\"\n    data-it=\"Frodi elettroniche\"\n    data-la=\"Fraudes Electronicae\"\n  ><br \/>\n    Fraudes eletr\u00f4nicas\n  <\/li>\n<li\n    data-pt=\"Invas\u00e3o de sistemas\"\n    data-en=\"System intrusion\"\n    data-it=\"Intrusione nei sistemi\"\n    data-la=\"Intrusio in Systemata\"\n  ><br \/>\n    Invas\u00e3o de sistemas\n  <\/li>\n<li\n    data-pt=\"Vazamento e uso indevido de dados\"\n    data-en=\"Data breaches and misuse of information\"\n    data-it=\"Violazione e uso improprio dei dati\"\n    data-la=\"Violatio et Usus Improprius Datorum\"\n  ><br \/>\n    Vazamento e uso indevido de dados\n  <\/li>\n<li\n    data-pt=\"Crimes inform\u00e1ticos e il\u00edcitos tecnol\u00f3gicos\"\n    data-en=\"Computer crimes and technological offenses\"\n    data-it=\"Reati informatici e illeciti tecnologici\"\n    data-la=\"Delicta Informatica et Illicita Technologica\"\n  ><br \/>\n    Crimes inform\u00e1ticos e il\u00edcitos tecnol\u00f3gicos\n  <\/li>\n<\/ul>\n<p\n  data-pt=\"Minha experi\u00eancia t\u00e9cnica permite uma atua\u00e7\u00e3o aprofundada sobre prova digital, an\u00e1lise de logs, per\u00edcias t\u00e9cnicas, cadeia de cust\u00f3dia e demais evid\u00eancias tecnol\u00f3gicas.\"\n  data-en=\"My technical background enables in-depth work with digital evidence, log analysis, technical forensics, chain of custody, and other forms of technological evidence.\"\n  data-it=\"La mia esperienza tecnica consente un\u2019attivit\u00e0 approfondita su prova digitale, analisi dei log, perizie tecniche, catena di custodia e altre evidenze tecnologiche.\"\n  data-la=\"Experientia mea technica actionem profundam in probatione digitali, analysi logorum, peritiis technicis, catena custodiae atque aliis evidentibus technologicis permittit.\"\n><br \/>\n  Minha experi\u00eancia t\u00e9cnica permite uma atua\u00e7\u00e3o aprofundada sobre prova digital, an\u00e1lise de logs, per\u00edcias t\u00e9cnicas, cadeia de cust\u00f3dia e demais evid\u00eancias tecnol\u00f3gicas.\n<\/p>\n<h3\n  data-pt=\"\ud83c\uddea\ud83c\uddfa Atua\u00e7\u00e3o jur\u00eddica na Europa\"\n  data-en=\"\ud83c\uddea\ud83c\uddfa Legal Practice in Europe\"\n  data-it=\"\ud83c\uddea\ud83c\uddfa Attivit\u00e0 legale in Europa\"\n  data-la=\"\ud83c\uddea\ud83c\uddfa Actio Iuridica in Europa\"\n><br \/>\n  \ud83c\uddea\ud83c\uddfa Atua\u00e7\u00e3o jur\u00eddica na Europa<br \/>\n<\/h3>\n<h4\n  data-pt=\"Fundos, investidores e identifica\u00e7\u00e3o de oportunidades no Brasil\"\n  data-en=\"Funds, Investors and Opportunity Identification in Brazil\"\n  data-it=\"Fondi, investitori e individuazione di opportunit\u00e0 in Brasile\"\n  data-la=\"Fundi, Investitores et Identificatio Opportunitatum in Brasilia\"\n><br \/>\n  Fundos, investidores e identifica\u00e7\u00e3o de oportunidades no Brasil<br \/>\n<\/h4>\n<p\n  data-pt=\"Atua\u00e7\u00e3o no suporte a fundos e investidores europeus na origina\u00e7\u00e3o, avalia\u00e7\u00e3o e estrutura\u00e7\u00e3o de investimentos em empresas brasileiras, com foco em risco jur\u00eddico, conformidade e governan\u00e7a.\"\n  data-en=\"Practice supporting European funds and investors in the origination, evaluation, and structuring of investments in Brazilian companies, with a focus on legal risk, compliance, and governance.\"\n  data-it=\"Attivit\u00e0 di supporto a fondi e investitori europei nell\u2019originazione, valutazione e strutturazione di investimenti in imprese brasiliane, con particolare attenzione al rischio giuridico, alla conformit\u00e0 e alla governance.\"\ndata-la=\"Actio sustentationis fundorum et investitorum Europaeorum in originatione, aestimatione atque structuratione investitionum in societatibus Brasiliensibus, peculiari attentione ad periculum iuridicum, ad conformitatem et ad regimen.\"\n><br \/>\n  Atua\u00e7\u00e3o no suporte a fundos e investidores europeus na origina\u00e7\u00e3o, avalia\u00e7\u00e3o e estrutura\u00e7\u00e3o de investimentos em empresas brasileiras, com foco em risco jur\u00eddico, conformidade e governan\u00e7a.\n<\/p>\n<ul>\n<li\n    data-pt=\"Avalia\u00e7\u00e3o jur\u00eddica, regulat\u00f3ria e tecnol\u00f3gica das empresas-alvo\"\n    data-en=\"Legal, regulatory, and technological assessment of target companies\"\n    data-it=\"Valutazione giuridica, regolatoria e tecnologica delle societ\u00e0 target\"\n    data-la=\"Aestimatio Iuridica, Regulatoria et Technologica Societatum Target\"\n  ><br \/>\n    Avalia\u00e7\u00e3o jur\u00eddica, regulat\u00f3ria e tecnol\u00f3gica das empresas-alvo\n  <\/li>\n<li\n    data-pt=\"Identifica\u00e7\u00e3o de riscos ligados a dados, software, compliance e propriedade intelectual\"\n    data-en=\"Identification of risks related to data, software, compliance, and intellectual property\"\n    data-it=\"Individuazione dei rischi legati a dati, software, compliance e propriet\u00e0 intellettuale\"\n    data-la=\"Identificatio Periculorum ad Data, Programmatio, Conformitatem et Proprietatem Intellectualem Pertinentium\"\n  ><br \/>\n    Identifica\u00e7\u00e3o de riscos ligados a dados, software, compliance e propriedade intelectual\n  <\/li>\n<li\n    data-pt=\"Redu\u00e7\u00e3o de assimetrias de informa\u00e7\u00e3o em opera\u00e7\u00f5es internacionais\"\n    data-en=\"Reduction of information asymmetries in international transactions\"\n    data-it=\"Riduzione delle asimmetrie informative nelle operazioni internazionali\"\n    data-la=\"Reductio Inaequalitatum Informativarum in Operationibus Internationalibus\"\n\n  ><br \/>\n    Redu\u00e7\u00e3o de assimetrias de informa\u00e7\u00e3o em opera\u00e7\u00f5es internacionais\n  <\/li>\n<li\n    data-pt=\"Apoio jur\u00eddico \u00e0 tomada de decis\u00e3o de investimento no Brasil\"\n    data-en=\"Legal support for investment decision-making in Brazil\"\n    data-it=\"Supporto legale al processo decisionale di investimento in Brasile\"\n    data-la=\"Sustentatio Iuridica Processui Decisionis Investitionis in Brasilia\"\n  ><br \/>\n    Apoio jur\u00eddico \u00e0 tomada de decis\u00e3o de investimento no Brasil\n  <\/li>\n<\/ul>\n<p\n  data-pt=\"O objetivo \u00e9 oferecer seguran\u00e7a jur\u00eddica ao investidor europeu ao acessar o mercado brasileiro.\"\n  data-en=\"The objective is to provide legal certainty to European investors when accessing the Brazilian market.\"\n  data-it=\"L\u2019obiettivo \u00e8 offrire certezza giuridica agli investitori europei nell\u2019accesso al mercato brasiliano.\"\n  data-la=\"Propositum est certitudinem iuridicam investitoribus Europaeis in accessu ad mercatum Brasiliensem praebere.\"\n><br \/>\n  O objetivo \u00e9 oferecer seguran\u00e7a jur\u00eddica ao investidor europeu ao acessar o mercado brasileiro.\n<\/p>\n<p>     <!-- CONTATOS --><\/p>\n<p class=\"rs-contact\">\n  <span\n    data-pt=\"\ud83d\udd17 LinkedIn:\"\n    data-en=\"\ud83d\udd17 LinkedIn:\"\n    data-it=\"\ud83d\udd17 LinkedIn:\"\n    data-la=\"\ud83d\udd17 LinkedIn:\"\n  ><br \/>\n    \ud83d\udd17 LinkedIn:<br \/>\n  <\/span><br \/>\n  <a href=\"https:\/\/www.linkedin.com\/in\/rodrigo-socal\/\" target=\"_blank\"><br \/>\n    linkedin.com\/in\/rodrigo-socal<br \/>\n  <\/a>\n<\/p>\n<p class=\"rs-contact\">\n  <span\n    data-pt=\"\ud83d\udce7 E-mail:\"\n    data-en=\"\ud83d\udce7 Email:\"\n    data-it=\"\ud83d\udce7 Email:\"\n    data-la=\"\ud83d\udce7 Epistula Electronica:\"\n  ><br \/>\n    \ud83d\udce7 E-mail:<br \/>\n  <\/span><br \/>\n  <a href=\"mailto:rodrigo@socal.adv.br\"><br \/>\n    rodrigo@socal.adv.br<br \/>\n  <\/a>\n<\/p>\n<p class=\"rs-contact\">\n  <span\n    data-pt=\"\ud83d\udcde Telefone:\"\n    data-en=\"\ud83d\udcde Phone:\"\n    data-it=\"\ud83d\udcde Telefono:\"\n    data-la=\"\ud83d\udcde Telephonum:\"\n  ><br \/>\n    \ud83d\udcde Telefone:<br \/>\n  <\/span><br \/>\n  <a href=\"tel:+5548999717657\"><br \/>\n    +55 48 99971-7657<br \/>\n  <\/a>\n<\/p>\n<\/p><\/div>\n<\/p><\/div>\n<\/section>\n<p><a href=\"https:\/\/wa.me\/5548999717657\" class=\"rs-whatsapp\" target=\"_blank\">\ud83d\udcac<\/a><\/p>\n<style>\n.rs-hero{\n  background:radial-gradient(circle at top,#0f766e 0%,#0d9488 35%,#022c22 70%,#000 100%);\n  padding:60px 20px;\n  color:#fff;\n}<\/p>\n<p>.rs-lang{\n  border-collapse:collapse;\n  margin-bottom:15px;\n}<\/p>\n<p>.rs-lang td{\n  width:42px;\n  height:42px;\n  text-align:center;\n  font-size:22px;\n  cursor:pointer;\n  background:rgba(255,255,255,.15);\n  border-radius:50%;\n}<\/p>\n<p>.rs-lang td:hover{\n  background:rgba(255,255,255,.3);\n}<\/p>\n<p>.rs-container{\n  max-width:1200px;\n  margin:0 auto;\n  display:grid;\n  grid-template-columns:1fr 2fr;\n  gap:60px;\n}<\/p>\n<p>.rs-profile{text-align:center;}<\/p>\n<p>.rs-photo{\n  width:220px;\n  height:220px;\n  border-radius:50%;\n  border:5px solid #5eead4;\n  object-fit:cover;\n}<\/p>\n<p>.rs-card{\n  background:rgba(255,255,255,.08);\n  backdrop-filter:blur(12px);\n  padding:45px;\n  border-radius:20px;\n}<\/p>\n<p>.rs-contact{\n  margin-top:16px;\n  font-size:15px;\n}<\/p>\n<p>.rs-contact a{\n  color:#5eead4;\n  text-decoration:none;\n}<\/p>\n<p>.rs-contact a:hover{\n  text-decoration:underline;\n}<\/p>\n<p>.rs-whatsapp{\n  position:fixed;\n  right:22px;\n  bottom:22px;\n  width:60px;\n  height:60px;\n  background:linear-gradient(135deg,#22c55e,#16a34a);\n  border-radius:50%;\n  display:flex;\n  align-items:center;\n  justify-content:center;\n  font-size:26px;\n  color:#fff;\n  text-decoration:none;\n  z-index:9999;\n}<\/p>\n<p>@media(max-width:900px){\n  .rs-container{grid-template-columns:1fr;}\n}\n<\/style>\n<p><script>\nfunction setLang(lang){\n  document.querySelectorAll('[data-'+lang+']').forEach(el=>{\n    el.innerHTML = el.getAttribute('data-'+lang);\n  });\n}\n<\/script><\/p>\n","protected":false},"excerpt":{"rendered":"<p>\ud83c\udde7\ud83c\uddf7 \ud83c\uddfa\ud83c\uddf8 \ud83c\uddee\ud83c\uddf9 \ud83c\uddfb\ud83c\udde6 Rodrigo Socal OAB\/SC n\u00ba 50.116 Advogado Especialista em Direito Digital \u2022 Tecnologia \u2022 Healthtechs \u2022 LGPD \u2022 Crimes Digitais \u2022 Investimentos Internacionais Atua\u00e7\u00e3o profissional Atua\u00e7\u00e3o jur\u00eddica voltada a opera\u00e7\u00f5es complexas que envolvem tecnologia, regula\u00e7\u00e3o, risco jur\u00eddico e investimento, especialmente em contextos transnacionais. Atua\u00e7\u00e3o com mais de 30 anos de experi\u00eancia t\u00e9cnica [&hellip;]<\/p>\n","protected":false},"author":2,"featured_media":0,"parent":0,"menu_order":0,"comment_status":"closed","ping_status":"closed","template":"","meta":{"footnotes":""},"class_list":["post-184","page","type-page","status-publish","hentry"],"_links":{"self":[{"href":"https:\/\/socal.adv.br\/index.php\/wp-json\/wp\/v2\/pages\/184","targetHints":{"allow":["GET"]}}],"collection":[{"href":"https:\/\/socal.adv.br\/index.php\/wp-json\/wp\/v2\/pages"}],"about":[{"href":"https:\/\/socal.adv.br\/index.php\/wp-json\/wp\/v2\/types\/page"}],"author":[{"embeddable":true,"href":"https:\/\/socal.adv.br\/index.php\/wp-json\/wp\/v2\/users\/2"}],"replies":[{"embeddable":true,"href":"https:\/\/socal.adv.br\/index.php\/wp-json\/wp\/v2\/comments?post=184"}],"version-history":[{"count":1,"href":"https:\/\/socal.adv.br\/index.php\/wp-json\/wp\/v2\/pages\/184\/revisions"}],"predecessor-version":[{"id":185,"href":"https:\/\/socal.adv.br\/index.php\/wp-json\/wp\/v2\/pages\/184\/revisions\/185"}],"wp:attachment":[{"href":"https:\/\/socal.adv.br\/index.php\/wp-json\/wp\/v2\/media?parent=184"}],"curies":[{"name":"wp","href":"https:\/\/api.w.org\/{rel}","templated":true}]}}